{"id":1267,"date":"2016-06-09T15:02:43","date_gmt":"2016-06-09T14:02:43","guid":{"rendered":"http:\/\/divadlomv.cz\/cs\/?page_id=1267"},"modified":"2016-06-24T12:24:37","modified_gmt":"2016-06-24T11:24:37","slug":"trochta","status":"publish","type":"page","link":"http:\/\/divadlomv.cz\/cs\/trochta\/","title":{"rendered":"Pavel Trochta"},"content":{"rendered":"<div id=\"pl-1267\"  class=\"panel-layout\" ><div id=\"pg-1267-0\"  class=\"panel-grid panel-no-style\" ><div id=\"pgc-1267-0-0\"  class=\"panel-grid-cell\" ><div id=\"panel-1267-0-0-0\" class=\"so-panel widget widget_black-studio-tinymce widget_black_studio_tinymce panel-first-child panel-last-child\" data-index=\"0\" ><div class=\"textwidget\"><p><img src=\"http:\/\/divadlomv.cz\/cs\/wp-content\/uploads\/2016\/05\/trochta_p1.png\" alt=\"trochta_p1\" width=\"1000\" height=\"400\" class=\"aligncenter size-full wp-image-1146\" \/><\/p>\n<\/div><\/div><\/div><\/div><div id=\"pg-1267-1\"  class=\"panel-grid panel-no-style\" ><div id=\"pgc-1267-1-0\"  class=\"panel-grid-cell panel-grid-cell-empty\" ><\/div><div id=\"pgc-1267-1-1\"  class=\"panel-grid-cell panel-grid-cell-mobile-last\" ><div id=\"panel-1267-1-1-0\" class=\"so-panel widget widget_black-studio-tinymce widget_black_studio_tinymce panel-first-child panel-last-child\" data-index=\"1\" ><div class=\"textwidget\"><hr \/>\n<p style=\"text-align: justify;\"><span style=\"color: #000000;\">Pavel se narodil ve Znojm\u011b. Je absolventem znojemsk\u00e9ho Gymn\u00e1zia Dr. Karla Polesn\u00e9ho. Nyn\u00ed studuje VO\u0160 hereckou v Praze. Sv\u016fj voln\u00fd \u010das v\u011bnuje hudb\u011b, p\u0159\u00e1tel\u016fm, divadlu, r\u00e1d chod\u00ed do kina a jezd\u00ed na koni. Jeho obl\u00edben\u00e1 barva je zelen\u00e1, obl\u00edben\u00e9 j\u00eddlo ku\u0159e na paprice. Nejrad\u011bji m\u00e1 jaro, ale na ka\u017ed\u00e9m ro\u010dn\u00edm obdob\u00ed si pr\u00fd najde n\u011bco, co m\u00e1 r\u00e1d.<br \/>\n&nbsp;<br \/>\nPrvn\u00ed zku\u0161enosti na divadeln\u00edch prknech z\u00edskal v roce 2010 v r\u00e1mci studia Liter\u00e1rn\u011b-dramatick\u00e9ho oboru na Z\u00e1kladn\u00ed um\u011bleck\u00e9 \u0161kole ve Znojm\u011b, pod veden\u00edm Martiny V\u00fdhodov\u00e9<br \/>\n&nbsp;<br \/>\nAktu\u00e1ln\u011b hraje v Divadeln\u00edm studiu Martiny V\u00fdhodov\u00e9 (od roku 2013) , v r\u00e1mci studia na VO\u0160 v Pidivadle a v pra\u017esk\u00e9m Divadle Pod \u010cepic\u00ed, kde p\u016fsob\u00ed od roku 2016.<\/span><\/p>\n<hr \/>\n<\/div><\/div><\/div><div id=\"pgc-1267-1-2\"  class=\"panel-grid-cell panel-grid-cell-empty\" ><\/div><\/div><div id=\"pg-1267-2\"  class=\"panel-grid panel-no-style\" ><div id=\"pgc-1267-2-0\"  class=\"panel-grid-cell panel-grid-cell-empty\" ><\/div><div id=\"pgc-1267-2-1\"  class=\"panel-grid-cell\" ><div id=\"panel-1267-2-1-0\" class=\"so-panel widget widget_black-studio-tinymce widget_black_studio_tinymce panel-first-child panel-last-child\" data-index=\"2\" ><div class=\"textwidget\"><table style=\"width: 100%; background-color: #ffffff;\">\n<col style=\"width:45%;\" \/>\n<col style=\"width:55%;\" \/>\n<tbody>\n<tr>\n<td style=\"border-color: white;\">\n<h5><strong><span style=\"color: #800000;\">CO NA SEBE PROZRADIL D\u00c1L?<\/span><\/strong><\/h5>\n<\/td>\n<td style=\"border-color: white;\"><\/td>\n<\/tr>\n<tr>\n<td style=\"border-color: white;\"><strong><\/strong><\/td>\n<td style=\"border-color: white;\"><\/td>\n<\/tr>\n<tr>\n<td style=\"border-color: white;\"><strong>Na co by cht\u011bl m\u00edt talent?<\/strong><\/td>\n<td style=\"border-color: white;\">Dob\u0159e odhadovat lidi.<\/td>\n<\/tr>\n<tr>\n<td style=\"border-color: white;\"><strong>Kde by nejrad\u011bji \u017eil?<\/strong><\/td>\n<td style=\"border-color: white;\">L\u00e1k\u00e1 m\u011b spousta m\u00edst, ale asi n\u011bkde u mo\u0159e.<\/td>\n<\/tr>\n<tr>\n<td style=\"border-color: white;\"><strong>Jak\u00fd film m\u016f\u017ee vid\u011bt kdykoliv znovu?<\/strong><\/td>\n<td style=\"border-color: white;\">Trilogii Slunce, seno.<\/td>\n<\/tr>\n<tr>\n<td style=\"border-color: white;\"><strong>Kter\u00e9 slovo \u010di v\u011btu pou\u017e\u00edv\u00e1 nej\u010dast\u011bji?<\/strong><\/td>\n<td style=\"border-color: white;\">P\u0159ijde mi, \u017ee po\u0159\u00e1d n\u011bkomu d\u011bkuji, tak\u017ee asi to.<\/td>\n<\/tr>\n<tr>\n<td style=\"border-color: white;\"><strong>Nejobl\u00edben\u011bj\u0161\u00ed poh\u00e1dka?<\/strong><\/td>\n<td style=\"border-color: white;\">M\u00e1m r\u00e1d poh\u00e1dky celkov\u011b, ale nepohrdnu (pro m\u011b) star\u0161\u00edmi poh\u00e1dkami jako nap\u0159. T\u0159i o\u0159\u00ed\u0161ky pro popelku, apod.<\/td>\n<\/tr>\n<tr>\n<td style=\"border-color: white;\"><strong>Pavlovo motto?<\/strong><\/td>\n<td style=\"border-color: white;\">Co se m\u00e1 st\u00e1t, to se stane. Nic s t\u00edm neud\u011bl\u00e1me.<\/td>\n<\/tr>\n<tr>\n<td style=\"border-color: white;\"><strong>Co m\u00e1 na divadle nejrad\u011bji?<\/strong><\/td>\n<td style=\"border-color: white;\">To, \u017ee \u017e\u00e1dn\u00fd okam\u017eik na jevi\u0161ti u\u017e nejde vz\u00edt zp\u011bt a je jen jednou, Tady a Te\u010f! A taky jsou tam fajn lidi. \ud83d\ude42<\/td>\n<\/tr>\n<\/tbody>\n<\/table>\n<\/div><\/div><\/div><div id=\"pgc-1267-2-2\"  class=\"panel-grid-cell panel-grid-cell-mobile-last\" ><div id=\"panel-1267-2-2-0\" class=\"so-panel widget widget_black-studio-tinymce widget_black_studio_tinymce panel-first-child\" data-index=\"3\" ><div class=\"textwidget\"><\/div><\/div><div id=\"panel-1267-2-2-1\" class=\"so-panel widget widget_black-studio-tinymce widget_black_studio_tinymce panel-last-child\" data-index=\"4\" ><div class=\"textwidget\"><p style=\"text-align: center;\"><span class=\"\" style=\"display:block;clear:both;height: 0px;padding-top: 20px;border-top-width:0px;border-bottom-width:0px;\"><\/span><br \/>\n<a href=\"http:\/\/divadlomv.cz\/cs\/trochta-role\/\" class='button'>Divadeln\u00ed role<\/a><\/p>\n<style>\n.button {\n   border: 1px solid #080000;\n   background: #080000;\n   background: -webkit-gradient(linear, left top, left bottom, from(#800000), to(#080000));\n   background: -webkit-linear-gradient(top, #800000, #080000);\n   background: -moz-linear-gradient(top, #800000, #080000);\n   background: -ms-linear-gradient(top, #800000, #080000);\n   background: -o-linear-gradient(top, #800000, #080000);\n   background-image: -ms-linear-gradient(top, #800000 0%, #080000 100%);\n   padding: 12px 24px;\n   -webkit-border-radius: 0px;\n   -moz-border-radius: 0px;\n   border-radius: 0px;\n   -webkit-box-shadow: rgba(255,255,255,0.4) 0 1px 0, inset rgba(255,255,255,0.4) 0 1px 0;\n   -moz-box-shadow: rgba(255,255,255,0.4) 0 1px 0, inset rgba(255,255,255,0.4) 0 1px 0;\n   box-shadow: rgba(255,255,255,0.4) 0 1px 0, inset rgba(255,255,255,0.4) 0 1px 0;\n   text-shadow: #995a5a 0 1px 0;\n   color: #fcfeff;\n   font-size: 14px;\n   font-family: helvetica, serif;\n   text-decoration: none;\n   vertical-align: middle;\n   }\n.button:hover {\n   border: 1px solid #000000;\n   text-shadow: #995a5a 0 1px 0;\n   background: #525252;\n   background: -webkit-gradient(linear, left top, left bottom, from(#800000), to(#525252));\n   background: -webkit-linear-gradient(top, #800000, #525252);\n   background: -moz-linear-gradient(top, #800000, #525252);\n   background: -ms-linear-gradient(top, #800000, #525252);\n   background: -o-linear-gradient(top, #800000, #525252);\n   background-image: -ms-linear-gradient(top, #800000 0%, #525252 100%);\n   color: #fff;\n   }\n.button:active {\n   text-shadow: #995a5a 0 1px 0;\n   border: 1px solid #000000;\n   background: #b3b3b3;\n   background: -webkit-gradient(linear, left top, left bottom, from(#800000), to(#525252));\n   background: -webkit-linear-gradient(top, #800000, #b3b3b3);\n   background: -moz-linear-gradient(top, #800000, #b3b3b3);\n   background: -ms-linear-gradient(top, #800000, #b3b3b3);\n   background: -o-linear-gradient(top, #800000, #b3b3b3);\n   background-image: -ms-linear-gradient(top, #800000 0%, #b3b3b3 100%);\n   color: #fff;\n   }\n<\/style>\n<\/div><\/div><\/div><div id=\"pgc-1267-2-3\"  class=\"panel-grid-cell panel-grid-cell-empty\" ><\/div><\/div><\/div>","protected":false},"excerpt":{"rendered":"<p>Pavel se narodil ve Znojm\u011b. Je absolventem znojemsk\u00e9ho Gymn\u00e1zia Dr. Karla Polesn\u00e9ho. Nyn\u00ed studuje VO\u0160 hereckou v Praze. Sv\u016fj voln\u00fd \u010das v\u011bnuje hudb\u011b, p\u0159\u00e1tel\u016fm, divadlu, r\u00e1d chod\u00ed do kina a jezd\u00ed na koni. Jeho obl\u00edben\u00e1 barva je zelen\u00e1, obl\u00edben\u00e9 j\u00eddlo ku\u0159e na paprice. Nejrad\u011bji m\u00e1 jaro, ale na ka\u017ed\u00e9m ro\u010dn\u00edm\u2026<\/p>\n<p class=\"continue-reading-button\"> <a class=\"continue-reading-link\" href=\"http:\/\/divadlomv.cz\/cs\/trochta\/\">v\u00edce&#8230;<i class=\"crycon-right-dir\"><\/i><\/a><\/p>\n","protected":false},"author":2,"featured_media":0,"parent":0,"menu_order":0,"comment_status":"closed","ping_status":"closed","template":"","meta":[],"acf":[],"_links":{"self":[{"href":"http:\/\/divadlomv.cz\/cs\/wp-json\/wp\/v2\/pages\/1267"}],"collection":[{"href":"http:\/\/divadlomv.cz\/cs\/wp-json\/wp\/v2\/pages"}],"about":[{"href":"http:\/\/divadlomv.cz\/cs\/wp-json\/wp\/v2\/types\/page"}],"author":[{"embeddable":true,"href":"http:\/\/divadlomv.cz\/cs\/wp-json\/wp\/v2\/users\/2"}],"replies":[{"embeddable":true,"href":"http:\/\/divadlomv.cz\/cs\/wp-json\/wp\/v2\/comments?post=1267"}],"version-history":[{"count":5,"href":"http:\/\/divadlomv.cz\/cs\/wp-json\/wp\/v2\/pages\/1267\/revisions"}],"predecessor-version":[{"id":1308,"href":"http:\/\/divadlomv.cz\/cs\/wp-json\/wp\/v2\/pages\/1267\/revisions\/1308"}],"wp:attachment":[{"href":"http:\/\/divadlomv.cz\/cs\/wp-json\/wp\/v2\/media?parent=1267"}],"curies":[{"name":"wp","href":"https:\/\/api.w.org\/{rel}","templated":true}]}}