{"id":29,"date":"2015-10-26T14:27:54","date_gmt":"2015-10-26T13:27:54","guid":{"rendered":"http:\/\/divadlomv.cz\/cs\/?page_id=29"},"modified":"2019-11-28T09:51:36","modified_gmt":"2019-11-28T08:51:36","slug":"napsali-o-nas","status":"publish","type":"page","link":"http:\/\/divadlomv.cz\/cs\/napsali-o-nas\/","title":{"rendered":"Napsali o n\u00e1s"},"content":{"rendered":"\n<table style=\"width: 100%; background-color: #ebebeb;\"><colgroup><col style=\"width: 25%;\"> <col style=\"width: 55%;\"> <col style=\"width: 20%;\"> <\/colgroup>\n<tbody>\n<tr>\n<td style=\"border-color: white;\" align=\"left\" valign=\"middle\"><span style=\"color: #800000;\"><a href=\"https:\/\/znojemsky.denik.cz\/zpravy_region\/vlci-hrali-na-kytaru-a-hudebni-duch-lezel-v-housti-premiera-pohadky-mela-uspech-20191123.html\"><strong>ZNOJEMSK\u00dd DEN\u00cdK <\/strong><\/a><\/span><\/td>\n<td style=\"border-color: white;\" align=\"center\" valign=\"middle\"><a href=\"https:\/\/znojemsky.denik.cz\/zpravy_region\/vlci-hrali-na-kytaru-a-hudebni-duch-lezel-v-housti-premiera-pohadky-mela-uspech-20191123.html\">Vlci hr\u00e1li na kytaru a hudebn\u00ed duch le\u017eel v hou\u0161t\u00ed. Premi\u00e9ra poh\u00e1dky m\u011bla \u00fasp\u011bch.<\/a><\/td>\n<td style=\"border-color: white;\" align=\"center\" valign=\"middle\">listopad 2019<\/td>\n<\/tr>\n<td style=\"border-color: white;\" align=\"left\" valign=\"middle\"><span style=\"color: #800000;\"><a href=\"https:\/\/znojemsky.denik.cz\/kultura_region\/vlasta-byla-muz-a-jejim-otcem-doktor-cimrmanovsky-zaskok-pobavil-divaky-20180311.html\"><strong>ZNOJEMSK\u00dd DEN\u00cdK <\/strong><\/a><\/span><\/td>\n<td style=\"border-color: white;\" align=\"center\" valign=\"middle\"><a href=\"https:\/\/znojemsky.denik.cz\/kultura_region\/vlasta-byla-muz-a-jejim-otcem-doktor-cimrmanovsky-zaskok-pobavil-divaky-20180311.html\">Vlasta byla mu\u017e a jej\u00edm otcem doktor. Cimrmanovsk\u00fd Z\u00e1skok pobavil div\u00e1ky<\/a><\/td>\n<td style=\"border-color: white;\" align=\"center\" valign=\"middle\">b\u0159ezen 2018<\/td>\n<\/tr>\n<tr>\n<td style=\"border-color: white;\" align=\"left\" valign=\"middle\"><span style=\"color: #800000;\"><a href=\"https:\/\/znojemsky.denik.cz\/zpravy_region\/na-prknech-ozije-televizni-kabaret-prozrazuje-vyhodova-20180128.html\"><strong>ZNOJEMSK\u00dd DEN\u00cdK <\/strong><\/a><\/span><\/td>\n<td style=\"border-color: white;\" align=\"center\" valign=\"middle\"><a href=\"https:\/\/znojemsky.denik.cz\/zpravy_region\/na-prknech-ozije-televizni-kabaret-prozrazuje-vyhodova-20180128.html\">Na prknech o\u017eije televizn\u00ed kabaret, prozrazuje V\u00fdhodov\u00e1<\/a><\/td>\n<td style=\"border-color: white;\" align=\"center\" valign=\"middle\">leden 2018<\/td>\n<\/tr>\n<tr>\n<td style=\"border-color: white;\" align=\"left\" valign=\"middle\"><span style=\"color: #800000;\"><a href=\"https:\/\/znojemsky.denik.cz\/kultura_region\/herci-martiny-vyhodove-odehrali-premieru-tezke-barbory-lide-tleskali-ve-stoje-20171127.html\"><strong>ZNOJEMSK\u00dd DEN\u00cdK <\/strong><\/a><\/span><\/td>\n<td style=\"border-color: white;\" align=\"center\" valign=\"middle\"><a href=\"https:\/\/znojemsky.denik.cz\/kultura_region\/herci-martiny-vyhodove-odehrali-premieru-tezke-barbory-lide-tleskali-ve-stoje-20171127.html\">Herci Martiny V\u00fdhodov\u00e9 odehr\u00e1li premi\u00e9ru T\u011b\u017ek\u00e9 Barbory. Lid\u00e9 tleskali ve stoje<\/a><\/td>\n<td style=\"border-color: white;\" align=\"center\" valign=\"middle\">listopad 2017<\/td>\n<\/tr>\n<tr>\n<td style=\"border-color: white;\" align=\"left\" valign=\"middle\"><span style=\"color: #800000;\"><a href=\"https:\/\/znojemsky.denik.cz\/kultura_region\/herci-martiny-vyhodove-reprizuji-pohadku-a-chystaji-se-na-premieru-20171111.html\"><strong>ZNOJEMSK\u00dd DEN\u00cdK <\/strong><\/a><\/span><\/td>\n<td style=\"border-color: white;\" align=\"center\" valign=\"middle\"><a href=\"https:\/\/znojemsky.denik.cz\/kultura_region\/herci-martiny-vyhodove-reprizuji-pohadku-a-chystaji-se-na-premieru-20171111.html\">Herci Martiny V\u00fdhodov\u00e9 repr\u00edzuj\u00ed poh\u00e1dku a chystaj\u00ed se na premi\u00e9ru<\/a><\/td>\n<td style=\"border-color: white;\" align=\"center\" valign=\"middle\">listopad 2017<\/td>\n<\/tr>\n<tr>\n<td style=\"border-color: white;\" align=\"left\"><span style=\"color: #800000;\"><a href=\"https:\/\/soundcloud.com\/filip-smoljak\/cimrman-zije-znojmo-prem-12112017\"><strong>\u010cESK\u00dd ROZHLAS DVOJKA <\/strong><\/a><\/span><\/td>\n<td style=\"border-color: white;\" align=\"center\"><a href=\"https:\/\/soundcloud.com\/filip-smoljak\/cimrman-zije-znojmo-prem-12112017\">Filip Smoljak &#8211; Cimrman \u017dije, Dobyt\u00ed severn\u00edho p\u00f3lu, Znojmo<\/a><\/td>\n<td style=\"border-color: white;\" align=\"center\">listopad 2017<\/td>\n<\/tr>\n<tr>\n<td style=\"border-color: white;\" align=\"left\" valign=\"middle\"><span style=\"color: #800000;\"><a href=\"http:\/\/divadlomv.cz\/cs\/wp-content\/uploads\/2015\/10\/IMG_20170530_134809.jpg\"><strong>ZNOJEMSKO <\/strong><\/a><\/span><\/td>\n<td style=\"border-color: white;\" align=\"center\" valign=\"middle\"><a href=\"http:\/\/divadlomv.cz\/cs\/wp-content\/uploads\/2015\/10\/IMG_20170530_134809.jpg\">Aby bylo hez\u010deji a okr\u00e1\u0161len\u011bji, popsal vizi spolku Ji\u0159\u00ed Ludv\u00edk<\/a><\/td>\n<td style=\"border-color: white;\" align=\"center\" valign=\"middle\">kv\u011bten 2017<\/td>\n<\/tr>\n<tr>\n<td style=\"border-color: white;\" align=\"left\" valign=\"middle\"><span style=\"color: #800000;\"><a href=\"https:\/\/znojemsky.denik.cz\/zpravy_region\/okraslovaci-spolek-predal-sva-vyrocni-oceneni-dyjavanku-i-divadelnimu-studiu-20170528.html\"><strong>ZNOJEMSK\u00dd DEN\u00cdK <\/strong><\/a><\/span><\/td>\n<td style=\"border-color: white;\" align=\"center\" valign=\"middle\"><a href=\"https:\/\/znojemsky.denik.cz\/zpravy_region\/okraslovaci-spolek-predal-sva-vyrocni-oceneni-dyjavanku-i-divadelnimu-studiu-20170528.html\">Okra\u0161lovac\u00ed spolek p\u0159edal sv\u00e1 v\u00fdro\u010dn\u00ed ocen\u011bn\u00ed. Dyjav\u00e1nku i Divadeln\u00edmu studiu<\/a><\/td>\n<td style=\"border-color: white;\" align=\"center\" valign=\"middle\">kv\u011bten 2017<\/td>\n<\/tr>\n<tr>\n<td style=\"border-color: white;\" align=\"left\"><span style=\"color: #800000;\"><a href=\"https:\/\/soundcloud.com\/filip-smoljak\/cimrman-zije-zaskok-znojmo-prem-1452017\"><strong>\u010cESK\u00dd ROZHLAS DVOJKA <\/strong><\/a><\/span><\/td>\n<td style=\"border-color: white;\" align=\"center\"><a href=\"https:\/\/soundcloud.com\/filip-smoljak\/cimrman-zije-zaskok-znojmo-prem-1452017\">Filip Smoljak &#8211; Cimrman \u017dije &#8211; Z\u00e1skok, Znojmo<\/a><\/td>\n<td style=\"border-color: white;\" align=\"center\">kv\u011bten 2017<\/td>\n<\/tr>\n<tr>\n<td style=\"border-color: white;\" align=\"left\" valign=\"middle\"><span style=\"color: #800000;\"><a href=\"http:\/\/znojemsky.denik.cz\/kultura_region\/obrazem-zlovena-i-lasenka-premiera-tajemstvi-kouzelne-jablone-bavila-20170403.html\"><strong>ZNOJEMSK\u00dd DEN\u00cdK <\/strong><\/a><\/span><\/td>\n<td style=\"border-color: white;\" align=\"center\" valign=\"middle\"><a href=\"http:\/\/znojemsky.denik.cz\/kultura_region\/obrazem-zlovena-i-lasenka-premiera-tajemstvi-kouzelne-jablone-bavila-20170403.html\">Zlov\u011bna i L\u00e1senka. Premi\u00e9ra Tajemstv\u00ed kouzeln\u00e9 jablon\u011b bavila<\/a><\/td>\n<td style=\"border-color: white;\" align=\"center\" valign=\"middle\">duben 2017<\/td>\n<\/tr>\n<tr>\n<td style=\"border-color: white;\" align=\"left\" valign=\"middle\"><span style=\"color: #800000;\"><a href=\"http:\/\/divadlomv.cz\/cs\/wp-content\/uploads\/2015\/10\/filip-smoljak.png\"><strong>ZNOJEMSK\u00dd T\u00ddDEN <\/strong><\/a><\/span><\/td>\n<td style=\"border-color: white;\" align=\"center\" valign=\"middle\"><a href=\"http:\/\/divadlomv.cz\/cs\/wp-content\/uploads\/2015\/10\/filip-smoljak.png\">Filip Smoljak si u\u017e zvykl \u017e\u00edt se slavn\u00fdm p\u0159\u00edjmen\u00edm<\/a><\/td>\n<td style=\"border-color: white;\" align=\"center\" valign=\"middle\">duben 2017<\/td>\n<\/tr>\n<tr>\n<td style=\"border-color: white;\" align=\"left\"><span style=\"color: #800000;\"><a href=\"http:\/\/znojemsky.denik.cz\/kultura_region\/nebe-na-zemi-divaky-bavili-zamilovany-jupiter-i-hamizny-knez-20170212.html\"><strong>ZNOJEMSK\u00dd DEN\u00cdK <\/strong><\/a><\/span><\/td>\n<td style=\"border-color: white;\" align=\"center\"><a href=\"http:\/\/znojemsky.denik.cz\/kultura_region\/nebe-na-zemi-divaky-bavili-zamilovany-jupiter-i-hamizny-knez-20170212.html\">Nebe na zemi: Div\u00e1ky bavili zamilovan\u00fd Jupiter i hami\u017en\u00fd kn\u011bz<\/a><\/td>\n<td style=\"border-color: white;\" align=\"center\">\u00fanor 2017<\/td>\n<\/tr>\n<tr>\n<td style=\"border-color: white;\" align=\"left\"><span style=\"color: #800000;\"><a href=\"http:\/\/znojemsky.denik.cz\/kultura_region\/obrazem-dobyti-severniho-polu-sehrali-znojemsti-herci-20161008.html\"><strong>ZNOJEMSK\u00dd DEN\u00cdK <\/strong><\/a><\/span><\/td>\n<td style=\"border-color: white;\" align=\"center\"><a href=\"http:\/\/znojemsky.denik.cz\/kultura_region\/obrazem-dobyti-severniho-polu-sehrali-znojemsti-herci-20161008.html\">Dobyt\u00ed severn\u00edho p\u00f3lu. Znojem\u0161t\u00ed herci humorem zah\u0159\u00e1li publikum<\/a><\/td>\n<td style=\"border-color: white;\" align=\"center\">\u0159\u00edjen 2016<\/td>\n<\/tr>\n<tr>\n<td style=\"border-color: white;\" align=\"left\"><span style=\"color: #800000;\"><a href=\"http:\/\/divadlomv.cz\/cs\/wp-content\/uploads\/2015\/10\/12935345_1217876931556526_1868409553_n.jpg\"><strong>ZNOJEMSK\u00dd T\u00ddDEN <\/strong><\/a><\/span><\/td>\n<td style=\"border-color: white;\" align=\"center\"><a href=\"http:\/\/divadlomv.cz\/cs\/wp-content\/uploads\/2015\/10\/12935345_1217876931556526_1868409553_n.jpg\">V\u00fdhodov\u00e9 tleskalo publikum Semaforu<\/a><\/td>\n<td style=\"border-color: white;\" align=\"center\">duben 2016<\/td>\n<\/tr>\n<tr>\n<td style=\"border-color: white;\" align=\"left\"><span style=\"color: #800000;\"><a href=\"http:\/\/znojemsky.denik.cz\/serialy\/znojemske-divadelni-studio-zamiri-do-slavneho-semaforu-20160127.html\"><strong>ZNOJEMSK\u00dd DEN\u00cdK <\/strong><\/a><\/span><\/td>\n<td style=\"border-color: white;\" align=\"center\"><a href=\"http:\/\/znojemsky.denik.cz\/serialy\/znojemske-divadelni-studio-zamiri-do-slavneho-semaforu-20160127.html\">Znojemsk\u00e9 Divadeln\u00ed studio zam\u00ed\u0159\u00edho do slavn\u00e9ho Semaforu<\/a><\/td>\n<td style=\"border-color: white;\" align=\"center\">leden 2016<\/td>\n<\/tr>\n<tr>\n<td style=\"border-color: white;\" align=\"left\"><span style=\"color: #800000;\"><a href=\"http:\/\/divadlomv.cz\/cs\/wp-content\/uploads\/2016\/01\/12650708_10207561377650182_1918858013_n.jpg\"><strong>ZNOJEMSK\u00dd DEN\u00cdK <\/strong><\/a><\/span><\/td>\n<td style=\"border-color: white;\" align=\"center\"><a href=\"http:\/\/divadlomv.cz\/cs\/wp-content\/uploads\/2016\/01\/12650708_10207561377650182_1918858013_n.jpg\">Divadeln\u00ed studio ze Znojma m\u00ed\u0159\u00ed do Semaforu<\/a><\/td>\n<td style=\"border-color: white;\" align=\"center\">leden 2016<\/td>\n<\/tr>\n<tr>\n<td style=\"border-color: white;\" align=\"left\"><span style=\"color: #800000;\"><a href=\"http:\/\/www.znojemsko.cz\/clanek\/povedena-premiera-nebe-na-zemi\/6045\"><strong>ZNOJEMSKO <\/strong><\/a><\/span><\/td>\n<td style=\"border-color: white;\" align=\"center\"><a href=\"http:\/\/www.znojemsko.cz\/clanek\/povedena-premiera-nebe-na-zemi\/6045\">Poveden\u00e1 premi\u00e9ra Nebe na zemi<\/a><\/td>\n<td style=\"border-color: white;\" align=\"center\">listopad 2015<\/td>\n<\/tr>\n<tr>\n<td style=\"border-color: white;\" align=\"left\"><span style=\"color: #800000;\"><a href=\"http:\/\/znojemsky.denik.cz\/kultura_region\/obrazem-swingove-predstaveni-lakalo-nebe-na-zemi-zaplnilo-divadlo-20151130.html\"><strong>ZNOJEMSK\u00dd DEN\u00cdK <\/strong><\/a><\/span><\/td>\n<td style=\"border-color: white;\" align=\"center\"><a href=\"http:\/\/znojemsky.denik.cz\/kultura_region\/obrazem-swingove-predstaveni-lakalo-nebe-na-zemi-zaplnilo-divadlo-20151130.html\">Swingov\u00e9 p\u0159edstaven\u00ed l\u00e1kalo. Nebe na zemi zaplnilo divadlo<\/a><\/td>\n<td style=\"border-color: white;\" align=\"center\">listopad 2015<\/td>\n<\/tr>\n<tr>\n<td style=\"border-color: white;\" align=\"left\"><span style=\"color: #800000;\"><a href=\"http:\/\/divadlomv.cz\/cs\/wp-content\/uploads\/2015\/11\/WP_20151116_007.jpg\"><strong>ZNOJEMSKO <\/strong><\/a><\/span><\/td>\n<td style=\"border-color: white;\" align=\"center\"><a href=\"http:\/\/divadlomv.cz\/cs\/wp-content\/uploads\/2015\/11\/WP_20151116_007.jpg\">V listopadu bude Nebe na zemi, pravdu m\u00e1m, v\u011b\u0159te mi!<\/a><\/td>\n<td style=\"border-color: white;\" align=\"center\">listopad 2015<\/td>\n<\/tr>\n<tr>\n<td style=\"border-color: white;\" align=\"left\"><span style=\"color: #800000;\"><a href=\"http:\/\/znojemsky.denik.cz\/kultura_region\/sverenci-martiny-vyhodove-piluji-nebe-na-zemi-20151111.html\"><strong>ZNOJEMSK\u00dd DEN\u00cdK <\/strong><\/a><\/span><\/td>\n<td style=\"border-color: white;\" align=\"center\"><a href=\"http:\/\/znojemsky.denik.cz\/kultura_region\/sverenci-martiny-vyhodove-piluji-nebe-na-zemi-20151111.html\">Sv\u011b\u0159enci Martiny V\u00fdhodov\u00e9 piluj\u00ed Nebe na zemi<\/a><\/td>\n<td style=\"border-color: white;\" align=\"center\">listopad 2015<\/td>\n<\/tr>\n<tr>\n<td style=\"border-color: white;\" align=\"left\"><span style=\"color: #800000;\"><a href=\"http:\/\/divadlomv.cz\/cs\/wp-content\/uploads\/2015\/10\/balada-20151.jpg\"><strong>ZNOJEMSK\u00dd T\u00ddDEN <\/strong><\/a><\/span><\/td>\n<td style=\"border-color: white;\" align=\"center\"><a href=\"http:\/\/divadlomv.cz\/cs\/wp-content\/uploads\/2015\/10\/balada-20151.jpg\">Na znojemskou Baladu z hadr\u016f p\u0159ijel i syn Jana Wericha<\/a><\/td>\n<td style=\"border-color: white;\" align=\"center\">z\u00e1\u0159\u00ed 2015<\/td>\n<\/tr>\n<tr>\n<td style=\"border-color: white;\" align=\"left\"><span style=\"color: #800000;\"><a href=\"http:\/\/www.znojemsko.cz\/clanek\/ochotnikum-tleskal-i-j_-werich\/5862\"><strong>ZNOJEMSKO <\/strong><\/a><\/span><\/td>\n<td style=\"border-color: white;\" align=\"center\"><a href=\"http:\/\/www.znojemsko.cz\/clanek\/ochotnikum-tleskal-i-j_-werich\/5862\">Ochotn\u00edk\u016fm tleskal i J. Werich<\/a><\/td>\n<td style=\"border-color: white;\" align=\"center\">z\u00e1\u0159\u00ed 2015<\/td>\n<\/tr>\n<tr>\n<td style=\"border-color: white;\" align=\"left\"><span style=\"color: #800000;\"><a href=\"http:\/\/znojemsky.denik.cz\/kultura_region\/obrazem-nove-divadelni-studio-zahralo-baladu-z-hadru-20140411.html\"><strong>ZNOJEMSK\u00dd DEN\u00cdK <\/strong><\/a><\/span><\/td>\n<td style=\"border-color: white;\" align=\"center\"><a href=\"http:\/\/znojemsky.denik.cz\/kultura_region\/obrazem-nove-divadelni-studio-zahralo-baladu-z-hadru-20140411.html\">Nov\u00e9 divadeln\u00ed studio zahr\u00e1lo Baladu z hadr\u016f<\/a><\/td>\n<td style=\"border-color: white;\" align=\"center\">duben 2014<\/td>\n<\/tr>\n<tr>\n<td style=\"border-color: white;\" align=\"left\"><span style=\"color: #800000;\"><a href=\"https:\/\/www.facebook.com\/media\/set\/?set=a.662071900527149.1073742050.109150065819338&amp;type=1\"><strong>ZNOJEMSKO <\/strong><\/a><\/span><\/td>\n<td style=\"border-color: white;\" align=\"center\"><a href=\"https:\/\/www.facebook.com\/media\/set\/?set=a.662071900527149.1073742050.109150065819338&amp;type=1\">Balada z hadr\u016f<\/a><\/td>\n<td style=\"border-color: white;\" align=\"center\">duben 2014<\/td>\n<\/tr>\n<tr>\n<td style=\"border-color: white;\" align=\"left\"><span style=\"color: #800000;\"><a href=\"http:\/\/www.znojemsko.cz\/clanek\/balada-z-hadru-ma-za-sebou-premieru\/4438\"><strong>ZNOJEMSKO <\/strong><\/a><\/span><\/td>\n<td style=\"border-color: white;\" align=\"center\"><a href=\"http:\/\/www.znojemsko.cz\/clanek\/balada-z-hadru-ma-za-sebou-premieru\/4438\">Balada z hadr\u016f m\u00e1 za sebou premi\u00e9ru<\/a><\/td>\n<td style=\"border-color: white;\" align=\"center\">duben 2014<\/td>\n<\/tr>\n<tr>\n<td style=\"border-color: white;\" align=\"left\"><span style=\"color: #800000;\"><a href=\"http:\/\/divadlomv.cz\/cs\/wp-content\/uploads\/2015\/10\/clanek1.jpg\"><strong>ZNOJEMSK\u00dd T\u00ddDEN <\/strong><\/a><\/span><\/td>\n<td style=\"border-color: white;\" align=\"center\"><a href=\"http:\/\/divadlomv.cz\/cs\/wp-content\/uploads\/2015\/10\/clanek1.jpg\">Balada z hadr\u016f spoj\u00ed amat\u00e9ry i profesion\u00e1ly<\/a><\/td>\n<td style=\"border-color: white;\" align=\"center\">duben 2014<\/td>\n<\/tr>\n<tr>\n<td style=\"border-color: white;\" align=\"left\"><span style=\"color: #800000;\"><a href=\"http:\/\/znojemsky.denik.cz\/kultura_region\/divadelni-studio-jiz-finisuje-pred-premierou-20140316.html\"><strong>ZNOJEMSK\u00dd DEN\u00cdK <\/strong><\/a><\/span><\/td>\n<td style=\"border-color: white;\" align=\"center\"><a href=\"http:\/\/znojemsky.denik.cz\/kultura_region\/divadelni-studio-jiz-finisuje-pred-premierou-20140316.html\">Divadeln\u00ed studio ji\u017e fini\u0161uje p\u0159ed premi\u00e9rou<\/a><\/td>\n<td style=\"border-color: white;\" align=\"center\">duben 2014<\/td>\n<\/tr>\n<\/tbody>\n<\/table>\n\n\n\n<p><\/p>\n","protected":false},"excerpt":{"rendered":"<p>ZNOJEMSK\u00dd DEN\u00cdK Vlci hr\u00e1li na kytaru a hudebn\u00ed duch le\u017eel v hou\u0161t\u00ed. Premi\u00e9ra poh\u00e1dky m\u011bla \u00fasp\u011bch. listopad 2019 ZNOJEMSK\u00dd DEN\u00cdK Vlasta byla mu\u017e a jej\u00edm otcem doktor. Cimrmanovsk\u00fd Z\u00e1skok pobavil div\u00e1ky b\u0159ezen 2018 ZNOJEMSK\u00dd DEN\u00cdK Na prknech o\u017eije televizn\u00ed kabaret, prozrazuje V\u00fdhodov\u00e1 leden 2018 ZNOJEMSK\u00dd DEN\u00cdK Herci Martiny V\u00fdhodov\u00e9 odehr\u00e1li\u2026<\/p>\n<p class=\"continue-reading-button\"> <a class=\"continue-reading-link\" href=\"http:\/\/divadlomv.cz\/cs\/napsali-o-nas\/\">v\u00edce&#8230;<i class=\"crycon-right-dir\"><\/i><\/a><\/p>\n","protected":false},"author":1,"featured_media":0,"parent":0,"menu_order":0,"comment_status":"closed","ping_status":"closed","template":"","meta":[],"acf":[],"_links":{"self":[{"href":"http:\/\/divadlomv.cz\/cs\/wp-json\/wp\/v2\/pages\/29"}],"collection":[{"href":"http:\/\/divadlomv.cz\/cs\/wp-json\/wp\/v2\/pages"}],"about":[{"href":"http:\/\/divadlomv.cz\/cs\/wp-json\/wp\/v2\/types\/page"}],"author":[{"embeddable":true,"href":"http:\/\/divadlomv.cz\/cs\/wp-json\/wp\/v2\/users\/1"}],"replies":[{"embeddable":true,"href":"http:\/\/divadlomv.cz\/cs\/wp-json\/wp\/v2\/comments?post=29"}],"version-history":[{"count":24,"href":"http:\/\/divadlomv.cz\/cs\/wp-json\/wp\/v2\/pages\/29\/revisions"}],"predecessor-version":[{"id":7497,"href":"http:\/\/divadlomv.cz\/cs\/wp-json\/wp\/v2\/pages\/29\/revisions\/7497"}],"wp:attachment":[{"href":"http:\/\/divadlomv.cz\/cs\/wp-json\/wp\/v2\/media?parent=29"}],"curies":[{"name":"wp","href":"https:\/\/api.w.org\/{rel}","templated":true}]}}