{"id":8,"date":"2015-10-26T13:20:08","date_gmt":"2015-10-26T12:20:08","guid":{"rendered":"http:\/\/divadlomv.cz\/cs\/?page_id=8"},"modified":"2016-11-08T14:16:59","modified_gmt":"2016-11-08T13:16:59","slug":"balada-z-hadru","status":"publish","type":"page","link":"http:\/\/divadlomv.cz\/cs\/balada-z-hadru\/","title":{"rendered":"Balada z hadr\u016f"},"content":{"rendered":"<h3><span style=\"color: #800000;\"><strong>Balada z hadr\u016f<\/strong><\/span><\/h3>\n<p>&nbsp;<br \/>\n<img loading=\"lazy\" class=\"alignnone wp-image-278\" src=\"http:\/\/divadlomv.cz\/cs\/wp-content\/uploads\/2015\/10\/slide_74.jpg\" alt=\"program-balada\" width=\"724\" height=\"290\" \/> <img loading=\"lazy\" class=\"alignnone wp-image-209\" src=\"http:\/\/divadlomv.cz\/cs\/wp-content\/uploads\/2015\/10\/infotab-Balada.jpg\" alt=\"infotab_Balada\" width=\"345\" height=\"290\" \/><\/p>\n<p style=\"text-align: justify;\">Divadeln\u00ed hra Osvobozen\u00e9ho divadla. Vrcholn\u00e9 d\u00edlo V+W, kter\u00e9 vzniklo v roce 1935, kdy Evropu ohro\u017eoval n\u00e1stup fa\u0161ismu. Kulisa \u201est\u0159edov\u011bku\u201c, ve kter\u00e9 b\u00e1sn\u00edk Fran\u00e7ois Villon vede sv\u016fj protest proti zkorumpovan\u00fdm p\u00e1n\u016fm u moci, je podobenstv\u00edm tehdej\u0161\u00ed spole\u010dnosti. Hra sv\u00fdm spole\u010densk\u00fdm postojem i neopakovateln\u00fdm humorem oslov\u00ed i dne\u0161n\u00edho div\u00e1ka.<\/p>\n<p>&nbsp;<\/p>\n<table style=\"width: 65%; background-color: #ebebeb;\">\n<col style=\"width:50%;\" \/>\n<col style=\"width:50%;\" \/>\n<tbody>\n<tr>\n<td style=\"border-color: white;\"><span style=\"color: #800000;\">Autor hry<\/span><\/td>\n<td style=\"border-color: white;\"><span style=\"color: #800000;\">Jan Werich a Ji\u0159\u00ed Voskovec<\/span><\/td>\n<\/tr>\n<tr>\n<td style=\"border-color: white;\"><span style=\"color: #800000;\">Autor hudby<\/span><\/td>\n<td style=\"border-color: white;\"><span style=\"color: #800000;\">Jaroslav Je\u017eek<\/span><\/td>\n<\/tr>\n<\/tbody>\n<\/table>\n<p>&nbsp;<\/p>\n<h5><strong><span style=\"color: #800000;\"> Hereck\u00e9 obsazen\u00ed<\/span><\/strong><\/h5>\n<p>&nbsp;<\/p>\n<table style=\"width: 65%; background-color: #ebebeb;\">\n<col style=\"width:50%;\" \/>\n<col style=\"width:50%;\" \/>\n<tbody>\n<tr>\n<td style=\"border-color: white;\">Francois Villon, student<\/td>\n<td style=\"border-color: white;\">Petr Flori\u00e1n \/ Marek Zimmermann<\/td>\n<\/tr>\n<tr>\n<td style=\"border-color: white;\">Purkmistr m\u011bsta Pa\u0159\u00ed\u017ee, herec<\/td>\n<td style=\"border-color: white;\">Daniel Rube\u0161<\/td>\n<\/tr>\n<tr>\n<td style=\"border-color: white;\">Catherine de Vausselles, Kate\u0159ina<\/td>\n<td style=\"border-color: white;\">Lucie Fu\u010d\u00edkov\u00e1 \/ Marie Koukalov\u00e1<\/td>\n<\/tr>\n<tr>\n<td style=\"border-color: white;\">Kr\u00e1lovsk\u00fd pr\u00e9vot z Chatelu<\/td>\n<td style=\"border-color: white;\">Vojt\u011bch \u010cabala<\/td>\n<\/tr>\n<tr>\n<td style=\"border-color: white;\">Mistr Filip Sermoise<\/td>\n<td style=\"border-color: white;\">Tom\u00e1\u0161 \u017dia\u010dek \/ Petr Fr\u00f6mel<\/td>\n<\/tr>\n<tr>\n<td style=\"border-color: white;\">George, Ras Antou\u0161ek<\/td>\n<td style=\"border-color: white;\">Jan Fr\u00fddek<\/td>\n<\/tr>\n<tr>\n<td style=\"border-color: white;\">Jehan, ponocn\u00fd<\/td>\n<td style=\"border-color: white;\">Kamil Chaloupka<\/td>\n<\/tr>\n<tr>\n<td style=\"border-color: white;\">\u017debra\u010dka<\/td>\n<td style=\"border-color: white;\">Jana Lobpreisov\u00e1<\/td>\n<\/tr>\n<tr>\n<td style=\"border-color: white;\">Vyklada\u010dka, nezam\u011bstnan\u00e1<\/td>\n<td style=\"border-color: white;\">Dana Nem\u010dokov\u00e1<\/td>\n<\/tr>\n<tr>\n<td style=\"border-color: white;\">\u0160enk\u00fd\u0159ka z Taverny u \u0160i\u0161ky<\/td>\n<td style=\"border-color: white;\">Alena \u0160\u00e1lkov\u00e1<\/td>\n<\/tr>\n<tr>\n<td style=\"border-color: white;\">Hl\u00edda\u010d<\/td>\n<td style=\"border-color: white;\">Petr Fr\u00f6mel \/ Karel Bobek<\/td>\n<\/tr>\n<tr>\n<td style=\"border-color: white;\">Bi\u0159ic, kat<\/td>\n<td style=\"border-color: white;\">Matou\u0161 Lettl \/ Tom\u00e1\u0161 Bauer<\/td>\n<\/tr>\n<tr>\n<td style=\"border-color: white;\">Fel\u010dar, nezam\u011bstnan\u00fd<\/td>\n<td style=\"border-color: white;\">Pavel Trochta \/ Petr Fr\u00f6mel<\/td>\n<\/tr>\n<tr>\n<td style=\"border-color: white;\">Nezam\u011bstnan\u00ed, chudina<\/td>\n<td style=\"border-color: white;\">Emilie M\u00e1cov\u00e1<\/td>\n<\/tr>\n<tr>\n<td style=\"border-color: white;\"><\/td>\n<td style=\"border-color: white;\">Zdena Maarov\u00e1 \/ Jitka Bul\u00ednov\u00e1<\/td>\n<\/tr>\n<tr>\n<td style=\"border-color: white;\"><\/td>\n<td style=\"border-color: white;\">Dominika Hasprov\u00e1 \/ Romana Boorov\u00e1<\/td>\n<\/tr>\n<tr>\n<td style=\"border-color: white;\"><\/td>\n<td style=\"border-color: white;\">Anna Marie Drozdov\u00e1<\/td>\n<\/tr>\n<tr>\n<td style=\"border-color: white;\"><\/td>\n<td style=\"border-color: white;\">Krist\u00fdna Dvo\u0159\u00e1kov\u00e1<\/td>\n<\/tr>\n<tr>\n<td style=\"border-color: white;\"><\/td>\n<td style=\"border-color: white;\">Dita Buchtov\u00e1<\/td>\n<\/tr>\n<tr>\n<td style=\"border-color: white;\"><\/td>\n<td style=\"border-color: white;\">Ema Chudobov\u00e1 \/ Vlasta Bastlov\u00e1<\/td>\n<\/tr>\n<tr>\n<td style=\"border-color: white;\"><\/td>\n<td style=\"border-color: white;\">David Kabelka<\/td>\n<\/tr>\n<\/tbody>\n<\/table>\n<p>&nbsp;<\/p>\n<h5><span style=\"color: #800000;\"><strong> Hudba<\/strong><\/span><\/h5>\n<p>&nbsp;<\/p>\n<table style=\"width: 65%; background-color: #ebebeb;\">\n<col style=\"width:50%;\" \/>\n<col style=\"width:50%;\" \/>\n<tbody>\n<tr>\n<td style=\"border-color: white;\">Piano<\/td>\n<td style=\"border-color: white;\">Michal Smr\u010dka<\/td>\n<\/tr>\n<tr>\n<td style=\"border-color: white;\">Basa<\/td>\n<td style=\"border-color: white;\">Karel Kratochv\u00edl \/ Jan Havl\u00edk<\/td>\n<\/tr>\n<tr>\n<td style=\"border-color: white;\">Bic\u00ed<\/td>\n<td style=\"border-color: white;\">Zden\u011bk Novotn\u00fd<\/td>\n<\/tr>\n<\/tbody>\n<\/table>\n<table style=\"width: 65%; background-color: #ebebeb;\">\n<col style=\"width:50%;\" \/>\n<col style=\"width:50%;\" \/>\n<tbody>\n<tr>\n<td style=\"border-color: white;\">Tane\u010dn\u00ed choreografie<\/td>\n<td style=\"border-color: white;\">Eva Lettlov\u00e1<\/td>\n<\/tr>\n<\/tbody>\n<\/table>\n<p>&nbsp;<\/p>\n<h5><span style=\"color: #800000;\"><strong> D\u00e1le spolupracuj\u00ed<\/strong><\/span><\/h5>\n<p>&nbsp;<\/p>\n<table style=\"width: 65%; background-color: #ebebeb;\">\n<col style=\"width:50%;\" \/>\n<col style=\"width:50%;\" \/>\n<tbody>\n<tr>\n<td style=\"border-color: white;\">Masky<\/td>\n<td style=\"border-color: white;\">Michala Vyhn\u00e1nkov\u00e1<\/td>\n<\/tr>\n<tr>\n<td style=\"border-color: white;\">Vl\u00e1senky<\/td>\n<td style=\"border-color: white;\">Kv\u011btoslava Turo\u0148ov\u00e1<\/td>\n<\/tr>\n<tr>\n<td style=\"border-color: white;\">Sv\u011btla<\/td>\n<td style=\"border-color: white;\">Ji\u0159\u00ed Komenda \/ Jan Hork\u00fd \/ Kamil Hru\u0161ka<\/td>\n<\/tr>\n<\/tbody>\n<\/table>\n","protected":false},"excerpt":{"rendered":"<p>Balada z hadr\u016f &nbsp; Divadeln\u00ed hra Osvobozen\u00e9ho divadla. Vrcholn\u00e9 d\u00edlo V+W, kter\u00e9 vzniklo v roce 1935, kdy Evropu ohro\u017eoval n\u00e1stup fa\u0161ismu. Kulisa \u201est\u0159edov\u011bku\u201c, ve kter\u00e9 b\u00e1sn\u00edk Fran\u00e7ois Villon vede sv\u016fj protest proti zkorumpovan\u00fdm p\u00e1n\u016fm u moci, je podobenstv\u00edm tehdej\u0161\u00ed spole\u010dnosti. Hra sv\u00fdm spole\u010densk\u00fdm postojem i neopakovateln\u00fdm humorem oslov\u00ed i dne\u0161n\u00edho\u2026<\/p>\n<p class=\"continue-reading-button\"> <a class=\"continue-reading-link\" href=\"http:\/\/divadlomv.cz\/cs\/balada-z-hadru\/\">v\u00edce&#8230;<i class=\"crycon-right-dir\"><\/i><\/a><\/p>\n","protected":false},"author":1,"featured_media":0,"parent":0,"menu_order":0,"comment_status":"closed","ping_status":"closed","template":"","meta":[],"acf":[],"_links":{"self":[{"href":"http:\/\/divadlomv.cz\/cs\/wp-json\/wp\/v2\/pages\/8"}],"collection":[{"href":"http:\/\/divadlomv.cz\/cs\/wp-json\/wp\/v2\/pages"}],"about":[{"href":"http:\/\/divadlomv.cz\/cs\/wp-json\/wp\/v2\/types\/page"}],"author":[{"embeddable":true,"href":"http:\/\/divadlomv.cz\/cs\/wp-json\/wp\/v2\/users\/1"}],"replies":[{"embeddable":true,"href":"http:\/\/divadlomv.cz\/cs\/wp-json\/wp\/v2\/comments?post=8"}],"version-history":[{"count":22,"href":"http:\/\/divadlomv.cz\/cs\/wp-json\/wp\/v2\/pages\/8\/revisions"}],"predecessor-version":[{"id":1482,"href":"http:\/\/divadlomv.cz\/cs\/wp-json\/wp\/v2\/pages\/8\/revisions\/1482"}],"wp:attachment":[{"href":"http:\/\/divadlomv.cz\/cs\/wp-json\/wp\/v2\/media?parent=8"}],"curies":[{"name":"wp","href":"https:\/\/api.w.org\/{rel}","templated":true}]}}